{"id":1891,"date":"2025-03-04T19:45:38","date_gmt":"2025-03-04T19:45:38","guid":{"rendered":"https:\/\/www.parafia-czersk.pl\/?page_id=1891"},"modified":"2025-04-04T16:35:54","modified_gmt":"2025-04-04T16:35:54","slug":"konkurs","status":"publish","type":"page","link":"https:\/\/www.parafia-czersk.pl\/?page_id=1891","title":{"rendered":"Konkurs"},"content":{"rendered":"<p><strong><span style=\"font-size: 14pt;\">Fina\u0142 Para\u00adfial\u00adny kon\u00adkur\u00adsu odby\u0142 si\u0119 dzi\u00adsiaj w&nbsp;sal\u00adce katechetycznej.<\/span><\/strong><\/p>\n<p><strong><span style=\"font-size: 14pt;\">Wr\u0119\u00adcze\u00adnie dyplo\u00adm\u00f3w i&nbsp;nagr\u00f3d odb\u0119\u00addzie si\u0119 w&nbsp;nie\u00addzie\u00adl\u0119, 30 mar\u00adca 2025, po Mszy \u015bwi\u0119\u00adtej o&nbsp;godz. 12.30<\/span><\/strong><\/p>\n<p><strong><span style=\"font-size: 14pt;\">Lau\u00adre\u00adaci w&nbsp;kate\u00adgo\u00adrii szk\u00f3\u0142 \u015brednich<\/span><\/strong><\/p>\n<p><span style=\"font-size: 14pt;\">1 miej\u00adsce: Ali\u00adcja Hulisz LO Czersk<\/span><\/p>\n<p><span style=\"font-size: 14pt;\">2 miej\u00adsce: Mile\u00adna Gra\u00adda LO Czersk<\/span><\/p>\n<p><span style=\"font-size: 14pt;\">3 miej\u00adsce: Jakub Ant\u00adkow\u00adski LO Czersk<\/span><\/p>\n<p><strong><span style=\"font-size: 14pt;\">&nbsp;W&nbsp;kate\u00adgo\u00adrii klas 6\u2009\u2014\u20098<\/span><\/strong><\/p>\n<p><span style=\"font-size: 14pt;\">1 miej\u00adsce: Julia Ja\u017c\u00add\u017ce\u00adjew\u00adska SP&nbsp;2<\/span><\/p>\n<p><span style=\"font-size: 14pt;\">2 miej\u00adsce: Wero\u00adni\u00adka Rydz\u00adkow\u00adska SP&nbsp;2<\/span><\/p>\n<p><span style=\"font-size: 14pt;\">3 miej\u00adsce: Zofia Szulc SP&nbsp;2<\/span><\/p>\n<p><span style=\"font-size: 14pt;\"><strong>&nbsp;Kate\u00adgo\u00adria klas 3\u2009\u2014\u20095&nbsp;nie przy\u00adnio\u00ads\u0142a osta\u00adtecz\u00adne\u00adgo roz\u00adstrzy\u00adgni\u0119\u00adcia. 5<\/strong> os\u00f3b zdo\u00adby\u00ad\u0142o t\u0119 sam\u0105 ilo\u015b\u0107 punk\u00adt\u00f3w. W&nbsp;nast\u0119p\u00adnym tygo\u00addniu prze\u00adpro\u00adwa\u00addzo\u00adna zosta\u00adnie dogryw\u00adka. Infor\u00adma\u00adcj\u0119 o&nbsp;ter\u00admi\u00adnie prze\u00adka\u00ad\u017c\u0105 katecheci.<\/span><\/p>\n<p><span style=\"font-size: 14pt;\">Aga\u00adta Klo\u00adska&nbsp;SP2<\/span><\/p>\n<p><span style=\"font-size: 14pt;\">Oli\u00adwia Zator\u00adska SP&nbsp;2<\/span><\/p>\n<p><span style=\"font-size: 14pt;\">Fra\u00adnek Wycza SP&nbsp;2<\/span><\/p>\n<p><span style=\"font-size: 14pt;\">Wik\u00adtor Fry\u00addry\u00adszew\u00adski SP&nbsp;2<\/span><\/p>\n<p><span style=\"font-size: 14pt;\">Wik\u00adto\u00adria Moga SP&nbsp;2<\/span><\/p>\n<p><strong><span style=\"font-size: 14pt;\">Wszyst\u00adkim uczest\u00adni\u00adkom i&nbsp;lau\u00adre\u00adatom gratulujemy.<\/span><\/strong><\/p>\n<p><span style=\"font-size: 14pt;\"><strong>Wyni\u00adki kon\u00adkur\u00adsu (p\u00f3\u0142\u00adfi\u00adna\u0142):<\/strong><\/span><\/p>\n<p><strong>Kate\u00adgo\u00adria szk\u00f3\u0142 \u015brednich<\/strong><br>\n1. Kie\u00addrow\u00adski Jakub LO Czersk 92% (23\u00f725)<br>\n2. Gra\u00adda Mile\u00adna LO Czersk 92% (23\u00f725)<br>\n3. Prze\u00adra\u00adda Ame\u00adlia LO Czersk 88% (22\u00f725)<br>\n4. Borzysz\u00adkow\u00adska Zosia LO Czersk 88% (22\u00f725)<br>\n5. Hulisz Ali\u00adcja LO Czersk 88% (22\u00f725)<br>\n6. Pest\u00adka Ali\u00adcja ZS Mala\u00adchin 84% (21\u00f725)<br>\n7. Cza\u00adpiew\u00adska Kaja LO Czersk 84% (21\u00f725)<br>\n8. Alek\u00adsiuk Karo\u00adli\u00adna LO Czersk 84% (21\u00f725)<br>\n9. Ant\u00adkow\u00adski Jakub LO Czersk 84% (21\u00f725)<br>\n10.Karli\u0144ski Szy\u00admon LO Czersk 80% (20\u00f725)<br>\n11.Cisewski Kac\u00adper LO Czersk 80% (20\u00f725)<br>\n12.Cybulska Justy\u00adna LO Czersk 80% (20\u00f725)<br>\n13.Czapiewska Maja LO Czersk 80% (20\u00f725)<br>\n14.B\u0142aszyk Mar\u00adta LO Czersk 80% (20\u00f725)<br>\n15.Ja\u017cd\u017cewska Ana\u00adsta\u00adzja LO Czersk 80% (20\u00f725)<br>\n16.K\u0142odzi\u0144ska Ame\u00adlia LO Czersk 76% (19\u00f725)<br>\n17.Ossowski Pawe\u0142 LO Czersk 76% (19\u00f725)<br>\n18.Stosik Emi\u00adlia LO Czersk 76% (19\u00f725)<br>\n19.Wielewicka Aga\u00adta LO Czersk 76% (19\u00f725)<\/p>\n<p><strong>Kate\u00adgo\u00adria klas 3\u2009\u2014\u20095<\/strong><br>\nNazwi\u00adsko imi\u0119 szko\u00ad\u0142a kla\u00adsa punkty<br>\n1. Ca\u0142\u00adczy\u0144\u00adska Micha\u00adli\u00adna SP 2&nbsp;4 25&nbsp;100%<br>\n2. Klo\u00adska Aga\u00adta SP 2&nbsp;4 24 96,00%<br>\n3. Zator\u00adska Oli\u00adwia SP 2&nbsp;3 23 92,00%<br>\n4. Moga Wik\u00adto\u00adria SP 2&nbsp;4 23 92,00%<br>\n5. Wr\u00f3\u00adblew\u00adski Filip SP 2&nbsp;3 22 88,00%<br>\n6. Rekow\u00adski Adrian SP 1&nbsp;3 B&nbsp;22 88,00%<br>\n7. Wry\u00adcza Fran\u00adci\u00adszek SP 2&nbsp;4 22 88,00%<br>\n8. Sku\u00adczy\u0144\u00adski Micha\u0142 SP 1&nbsp;4 22 88,00%<br>\n9. Bud\u00adnik Maciej SP 1&nbsp;4 22 88,00%<br>\n10. S\u0119kow\u00adska Aga\u00adta SP 1&nbsp;5d 22 88,00%<br>\n11. Fry\u00addry\u00adszew\u00adski Wik\u00adtor SP 2&nbsp;3 21 84,00%<br>\n12. Po\u0142om Marek SP 1&nbsp;3 A&nbsp;21 84,00%<br>\n13. Lan\u00adgow\u00adski Alek\u00adsan\u00adder SP 1&nbsp;4 21 84,00%<br>\n14. Rostan\u00adkow\u00adska Alek\u00adsan\u00addra SP 1&nbsp;5 D&nbsp;21 84,00%<br>\n15. Sma\u00adgli\u0144\u00adska Domi\u00adni\u00adka SP 1&nbsp;5b 21 84,00%<br>\n16. Mil\u00adke Bar\u00adtosz SP 1&nbsp;5c 21 84,00%<br>\n17. Tala\u015b\u00adka Wik\u00adto\u00adria SP 1&nbsp;5d 21 84,00%<\/p>\n<p><strong>Kate\u00adgo\u00adria klas 6\u2009\u2014\u20098<\/strong><br>\nNazwi\u00adsko imi\u0119 szko\u00ad\u0142a kla\u00adsa punkty<br>\n1. Cza\u00adpiew\u00adska Maja SP 1&nbsp;7c 25 100,00%<br>\n2. Ja\u017c\u00add\u017ce\u00adjew\u00adska Julia SP 2&nbsp;6 23 92,00%<br>\n3. Rydz\u00adkow\u00adska Wero\u00adni\u00adka SP 2&nbsp;6 23 92,00%<br>\n4. Babi\u0144\u00adska Kata\u00adrzy\u00adna SP 1&nbsp;7 B&nbsp;23 92,00%<br>\n5. Dem\u00adbek Jan SP 1&nbsp;8 23 92,00%<br>\n6. Szulc Zofia SP 2&nbsp;6 22 88,00%<br>\n7. Bru\u00adska Mile\u00adna SP 1&nbsp;6b 22 88,00%<br>\n8. Elak Mar\u00adcel SP 1&nbsp;7 B&nbsp;22 88,00%<br>\n9. Schmidt Oli\u00adwia SP 1&nbsp;7 B&nbsp;22 88,00%<br>\n10. Gli\u00adniec\u00adka Pola SP 1&nbsp;6b 21 84,00%<br>\n11. Resz\u00adczy\u0144\u00adski B\u0142a\u00ad\u017cej SP 1&nbsp;6b 21 84,00%<br>\n12. Wons Zofia SP 1&nbsp;6b 21 84,00%<br>\n13. Rze\u00adpi\u0144\u00adski Maciej SP 1&nbsp;7 B&nbsp;21 84,00%<br>\n14. Po\u0142om Iwo\u00adna SP 1&nbsp;7 B&nbsp;21 84,00%<br>\n15. Pie\u00adsik Jakub SP 1&nbsp;7 B&nbsp;21 84,00%<br>\n16. Sta\u00adwic\u00adki Kac\u00adper SP 1&nbsp;7 D&nbsp;21 84,00%<br>\n17. Ossow\u00adska Wik\u00adto\u00adria SP 1&nbsp;8 21 84,00%<br>\n18. \u0141an\u00adgow\u00adski Mak\u00adsy\u00admi\u00adlian SP 1&nbsp;8a 21 84,00%<\/p>\n\n<div class=\"wp-block-pdfp-pdf-poster  alignnone\" id=\"block-2\" data-attributes=\"{&quot;uniqueId&quot;:&quot;pdfp1&quot;,&quot;file&quot;:&quot;https:\\\/\\\/www.parafia-czersk.pl\\\/word2\\\/wp-content\\\/uploads\\\/2025\\\/03\\\/regulamin.pdf&quot;,&quot;title&quot;:&quot;&quot;,&quot;height&quot;:&quot;842px&quot;,&quot;width&quot;:&quot;100%&quot;,&quot;print&quot;:false,&quot;downloadButton&quot;:false,&quot;fullscreenButtonText&quot;:&quot;View Fullscreen&quot;,&quot;fullscreenButton&quot;:true,&quot;align&quot;:&quot;none&quot;,&quot;alignment&quot;:&quot;left&quot;,&quot;titleFontSize&quot;:&quot;16px&quot;,&quot;showName&quot;:false,&quot;onlyPDF&quot;:false,&quot;defaultBrowser&quot;:false,&quot;downloadButtonText&quot;:&quot;Download File&quot;,&quot;actionsPosition&quot;:&quot;top&quot;,&quot;newWindow&quot;:false,&quot;protect&quot;:false,&quot;thumbMenu&quot;:false,&quot;sidebarOpen&quot;:false,&quot;initialPage&quot;:0,&quot;alert&quot;:false,&quot;lastVersion&quot;:false,&quot;hrScroll&quot;:false,&quot;isHideRightToolbar&quot;:false,&quot;additional&quot;:{&quot;ID&quot;:&quot;&quot;,&quot;Class&quot;:&quot;&quot;,&quot;CSS&quot;:&quot;&quot;},&quot;adobeEmbedder&quot;:false,&quot;adobeOptions&quot;:{&quot;showDownloadPDF&quot;:true,&quot;showPrintPDF&quot;:true,&quot;showAnnotationTools&quot;:true,&quot;showFullScreen&quot;:false,&quot;embedMode&quot;:&quot;SIZED_CONTAINER&quot;},&quot;popupOptions&quot;:{&quot;enabled&quot;:false,&quot;triggerType&quot;:&quot;button&quot;,&quot;image&quot;:&quot;&quot;,&quot;imagePdfIcon&quot;:true,&quot;imageHeight&quot;:&quot;200px&quot;,&quot;imageWidth&quot;:&quot;300px&quot;,&quot;text&quot;:&quot;Open PDF&quot;,&quot;btnStyle&quot;:{&quot;background&quot;:&quot;#2271b1&quot;,&quot;color&quot;:&quot;#fff&quot;,&quot;fontSize&quot;:&quot;16px&quot;,&quot;padding&quot;:{&quot;top&quot;:10,&quot;right&quot;:20,&quot;bottom&quot;:10,&quot;left&quot;:10}}},&quot;popupBtnStyle&quot;:{&quot;background&quot;:&quot;#2271b1&quot;,&quot;color&quot;:&quot;#fff&quot;,&quot;padding&quot;:{&quot;top&quot;:10,&quot;right&quot;:20,&quot;bottom&quot;:10,&quot;left&quot;:10}},&quot;popupBtnText&quot;:&quot;Open Document&quot;,&quot;CSS&quot;:&quot;&quot;,&quot;socialShare&quot;:{&quot;enabled&quot;:false,&quot;facebook&quot;:true,&quot;twitter&quot;:true,&quot;linkedin&quot;:true,&quot;pinterest&quot;:true,&quot;position&quot;:&quot;top&quot;},&quot;isPremium&quot;:false}\" style=\"text-align: left\">\n            <div class=\"pdfp_loading_placeholder\" style=\"height: 842px; width: 100%; display: flex; align-items: center; justify-content: center; background: #f5f5f5; border: 1px solid #ddd;\">\n             <p>Loading Vie\u00adwer\u2026<\/p>\n        <\/div>\n    <\/div>\n\n<p><span style=\"font-family: Times New Roman, serif;\"><span style=\"font-size: medium;\"><span style=\"font-size: x-large;\">Wszyst\u00adko, co ka\u017c\u00addy kato\u00adlik powi\u00adnien wie\u00addzie\u0107 o&nbsp;przy\u00adsz\u0142ym \u015bwi\u0119\u00adtym Car\u00adlo Acutisie<\/span><\/span><\/span><\/p>\n<p><span style=\"font-family: Times New Roman, serif;\"><span style=\"font-size: medium;\">Car\u00adlo Acu\u00adtis, kt\u00f3\u00adry w&nbsp;wie\u00adku zale\u00add\u00adwie 15 lat zmar\u0142 na bia\u00ad\u0142acz\u00adk\u0119, jest jed\u00adn\u0105 z&nbsp;naj\u00adbar\u00addziej inspi\u00adru\u00adj\u0105\u00adcych m\u0142o\u00addych posta\u00adci wsp\u00f3\u0142\u00adcze\u00adsne\u00adgo Ko\u015bcio\u00ad\u0142a kato\u00adlic\u00adkie\u00adgo. Jego \u017cycie i&nbsp;\u015bwia\u00addec\u00adtwo wia\u00adry poru\u00adszy\u00ad\u0142o tysi\u0105\u00adce ludzi na ca\u0142ym \u015bwie\u00adcie, sta\u00adj\u0105c si\u0119 sym\u00adbo\u00adlem m\u0142o\u00addzie\u0144\u00adczej \u015bwi\u0119\u00adto\u00ad\u015bci i&nbsp;odda\u00adnia&nbsp;Bogu.<\/span><\/span><\/p>\n<p><span style=\"font-family: Times New Roman, serif;\"><span style=\"font-size: medium;\"><b>Dzie\u00adci\u0144\u00adstwo i&nbsp;wcze\u00adsne&nbsp;lata<\/b><\/span><\/span><\/p>\n<p><span style=\"font-family: Times New Roman, serif;\"><span style=\"font-size: medium;\">Uro\u00addzo\u00adny 3&nbsp;maja 1991 roku w&nbsp;Lon\u00addy\u00adnie, Car\u00adlo dora\u00adsta\u0142 w&nbsp;Medio\u00adla\u00adnie. Ju\u017c od naj\u00adm\u0142od\u00adszych lat wyka\u00adzy\u00adwa\u0142 nie\u00adzwy\u00adk\u0142e zain\u00adte\u00adre\u00adso\u00adwa\u00adnie reli\u00adgi\u0105. W&nbsp;wie\u00adku zale\u00add\u00adwie 7&nbsp;lat przy\u00adst\u0105\u00adpi\u0142 do Pierw\u00adszej Komu\u00adnii \u015awi\u0119\u00adtej, co jest nie\u00adty\u00adpo\u00adwe w&nbsp;tak m\u0142o\u00addym wie\u00adku. Jego mat\u00adka, Anto\u00adnia Acu\u00adtis, wspo\u00admi\u00adna, \u017ce Car\u00adlo nigdy nie opu\u00ad\u015bci\u0142 codzien\u00adnej Mszy \u015bw. i&nbsp;regu\u00adlar\u00adnie odma\u00adwia\u0142 r\u00f3\u017ca\u00adniec oraz uczest\u00adni\u00adczy\u0142 w&nbsp;ado\u00adra\u00adcji eucharystycznej.<\/span><\/span><\/p>\n<p><span style=\"font-family: Times New Roman, serif;\"><span style=\"font-size: medium;\"><b>Mi\u0142o\u015b\u0107 do Eucha\u00adry\u00adstii i&nbsp;Maryi<\/b><\/span><\/span><\/p>\n<p><span style=\"font-family: Times New Roman, serif;\"><span style=\"font-size: medium;\">Car\u00adlo nabo\u00ad\u017ce\u0144\u00adstwo do Naj\u00ad\u015bwi\u0119t\u00adszej Eucha\u00adry\u00adstii nazy\u00adwa\u0142 \u201eauto\u00adstra\u00add\u0105 do nie\u00adba\u201d. Popro\u00adsi\u0142 rodzi\u00adc\u00f3w, aby zabie\u00adra\u00adli go na piel\u00adgrzym\u00adki do miejsc cud\u00f3w eucha\u00adry\u00adstycz\u00adnych, co nie\u00adste\u00adty unie\u00admo\u017c\u00adli\u00adwi\u00ad\u0142a mu cho\u00adro\u00adba. By\u0142 tak\u00ad\u017ce g\u0142\u0119\u00adbo\u00adko odda\u00adny Mat\u00adce Bo\u017cej, twier\u00addz\u0105c, \u017ce \u201eDzie\u00adwi\u00adca Mary\u00adja jest jedy\u00adn\u0105 kobie\u00adt\u0105 w&nbsp;moim \u017cyciu\u201d.<\/span><\/span><\/p>\n<p><span style=\"font-family: Times New Roman, serif;\"><span style=\"font-size: medium;\"><b>Zafa\u00adscy\u00adno\u00adwa\u00adny technologi\u0105<\/b><\/span><\/span><\/p>\n<p><span style=\"font-family: Times New Roman, serif;\"><span style=\"font-size: medium;\">M\u0142o\u00addy Car\u00adlo by\u0142 r\u00f3w\u00adnie\u017c zapa\u00adlo\u00adnym entu\u00adzja\u00adst\u0105 tech\u00adno\u00adlo\u00adgii. By\u0142 gra\u00adczem i&nbsp;pro\u00adgra\u00admi\u00adst\u0105 kom\u00adpu\u00adte\u00adro\u00adwym, kt\u00f3\u00adry posta\u00adno\u00adwi\u0142 wyko\u00adrzy\u00adsta\u0107 swo\u00adje umie\u00adj\u0119t\u00adno\u00ad\u015bci do ewan\u00adge\u00adli\u00adza\u00adcji. Stwo\u00adrzy\u0142 inter\u00adne\u00adto\u00adwy kata\u00adlog cud\u00f3w eucha\u00adry\u00adstycz\u00adnych, kt\u00f3\u00adry roz\u00adpo\u00adcz\u0105\u0142 maj\u0105c zale\u00add\u00adwie 11 lat. Jego stro\u00adna inter\u00adne\u00adto\u00adwa, inspi\u00adro\u00adwa\u00adna ini\u00adcja\u00adty\u00adwa\u00admi b\u0142. Gia\u00adco\u00admo Albe\u00adrio\u00adne\u00adgo, mia\u00ad\u0142a na celu sze\u00adrze\u00adnie wie\u00addzy o&nbsp;cudach eucha\u00adry\u00adstycz\u00adnych na ca\u0142ym \u015bwiecie.<\/span><\/span><\/p>\n<p><span style=\"font-family: Times New Roman, serif;\"><span style=\"font-size: medium;\"><b>Ser\u00adce pe\u0142\u00adne mi\u0142o\u00ad\u015bci i&nbsp;troski<\/b><\/span><\/span><\/p>\n<p><span style=\"font-family: Times New Roman, serif;\"><span style=\"font-size: medium;\">Car\u00adlo by\u0142 zna\u00adny ze swo\u00adjej wiel\u00adkiej tro\u00adski o&nbsp;innych. Cz\u0119\u00adsto zapra\u00adsza\u0142 do swo\u00adje\u00adgo domu oso\u00adby \u017ale trak\u00adto\u00adwa\u00adne lub prze\u00ad\u017cy\u00adwa\u00adj\u0105\u00adce trud\u00adne chwi\u00adle, takie jak roz\u00adw\u00f3d rodzi\u00adc\u00f3w czy prze\u00ad\u015bla\u00addo\u00adwa\u00adnia z&nbsp;powo\u00addu nie\u00adpe\u0142\u00adno\u00adspraw\u00adno\u00ad\u015bci. By\u0142 wyj\u0105t\u00adko\u00adwo wra\u017c\u00adli\u00adwy na potrze\u00adby swo\u00adich przy\u00adja\u00adci\u00f3\u0142 i&nbsp;bliskich.<\/span><\/span><\/p>\n<p><span style=\"font-family: Times New Roman, serif;\"><span style=\"font-size: medium;\"><b>Wal\u00adka z&nbsp;cho\u00adro\u00adb\u0105 i&nbsp;ofia\u00adro\u00adwa\u00adnie cierpienia<\/b><\/span><\/span><\/p>\n<p><span style=\"font-family: Times New Roman, serif;\"><span style=\"font-size: medium;\">Jako nasto\u00adla\u00adtek Car\u00adlo zacho\u00adro\u00adwa\u0142 na bia\u00ad\u0142acz\u00adk\u0119. Pomi\u00admo ogrom\u00adne\u00adgo cier\u00adpie\u00adnia zacho\u00adwa\u0142 nie\u00adzwy\u00adk\u0142y spo\u00adk\u00f3j i&nbsp;ofia\u00adro\u00adwa\u0142 swo\u00adje cier\u00adpie\u00adnie za Papie\u00ad\u017ca Bene\u00addyk\u00adta XVI i&nbsp;Ko\u015bci\u00f3\u0142 kato\u00adlic\u00adki. Kie\u00addy lekarz zapy\u00adta\u0142 go, czy bar\u00addzo cier\u00adpi, Car\u00adlo odpo\u00adwie\u00addzia\u0142: \u201eS\u0105 ludzie, kt\u00f3\u00adrzy cier\u00adpi\u0105 znacz\u00adnie bar\u00addziej ode&nbsp;mnie\u201d.<\/span><\/span><\/p>\n<p><span style=\"font-family: Times New Roman, serif;\"><span style=\"font-size: medium;\"><b>Beaty\u00adfi\u00adka\u00adcja i&nbsp;cud<\/b><\/span><\/span><\/p>\n<p><span style=\"font-family: Times New Roman, serif;\"><span style=\"font-size: medium;\">Po \u015bmier\u00adci Car\u00adla w&nbsp;2006 roku roz\u00adpo\u00adcz\u0105\u0142 si\u0119 pro\u00adces beaty\u00adfi\u00adka\u00adcyj\u00adny. W&nbsp;2013 roku Car\u00adlo zosta\u0142 mia\u00adno\u00adwa\u00adny \u201eCzci\u00adgod\u00adnym\u201d, a&nbsp;w 2020 roku otrzy\u00adma\u0142 tytu\u0142 \u201eB\u0142o\u00adgo\u00ads\u0142a\u00adwio\u00adne\u00adgo\u201d. Jego beaty\u00adfi\u00adka\u00adcja odby\u00ad\u0142a si\u0119 10 pa\u017a\u00addzier\u00adni\u00adka 2020 roku w&nbsp;Bazy\u00adli\u00adce G\u00f3r\u00adnej \u015bw. Fran\u00adcisz\u00adka w&nbsp;Asy\u00ad\u017cu. Data by\u0142a zna\u00adcz\u0105\u00adca, ponie\u00adwa\u017c zbli\u00ad\u017ca\u00ad\u0142a si\u0119 do rocz\u00adni\u00adcy jego \u015bmier\u00adci, kt\u00f3\u00adr\u0105 uwa\u00ad\u017ca si\u0119 za \u201enaro\u00addzi\u00adny dla&nbsp;nieba\u201d.<\/span><\/span><\/p>\n<p><span style=\"font-family: Times New Roman, serif;\"><span style=\"font-size: medium;\"><b>Dzie\u00addzic\u00adtwo&nbsp;Carla<\/b><\/span><\/span><\/p>\n<p><span style=\"font-family: Times New Roman, serif;\"><span style=\"font-size: medium;\">Po \u015bmier\u00adci Car\u00adla jego pomys\u0142 na objaz\u00addo\u00adw\u0105 wysta\u00adw\u0119 cud\u00f3w eucha\u00adry\u00adstycz\u00adnych zosta\u0142 zre\u00adali\u00adzo\u00adwa\u00adny. Wysta\u00adwa odwie\u00addzi\u00ad\u0142a kil\u00adka\u00addzie\u00adsi\u0105t kra\u00adj\u00f3w na pi\u0119\u00adciu kon\u00adty\u00adnen\u00adtach, inspi\u00adru\u00adj\u0105c milio\u00adny ludzi. Powsta\u00ad\u0142a r\u00f3w\u00adnie\u017c ksi\u0119\u00adga zawie\u00adra\u00adj\u0105\u00adca nie\u00admal 100 rela\u00adcji o&nbsp;cudach eucha\u00adry\u00adstycz\u00adnych z&nbsp;17 kra\u00adj\u00f3w, wszyst\u00adkich zwe\u00adry\u00adfi\u00adko\u00adwa\u00adnych i&nbsp;zatwier\u00addzo\u00adnych przez Ko\u015bci\u00f3\u0142.<\/span><\/span><\/p>\n<p><span style=\"font-family: Times New Roman, serif;\"><span style=\"font-size: medium;\"><b>Inspi\u00adra\u00adcja dla m\u0142odych<\/b><\/span><\/span><\/p>\n<p><span style=\"font-family: Times New Roman, serif;\"><span style=\"font-size: medium;\">Car\u00adlo Acu\u00adtis, cz\u0119\u00adsto przed\u00adsta\u00adwia\u00adny w&nbsp;d\u017cin\u00adsach, blu\u00adzie i&nbsp;teni\u00ads\u00f3w\u00adkach, jest inspi\u00adra\u00adcj\u0105 dla wie\u00adlu m\u0142o\u00addych ludzi. Jego \u017cycie poka\u00adzu\u00adje, \u017ce \u015bwi\u0119\u00adto\u015b\u0107 jest osi\u0105\u00adgal\u00adna dla ka\u017c\u00adde\u00adgo, bez wzgl\u0119\u00addu na wiek. Jak sam powie\u00addzia\u0142: \u201eIm wi\u0119\u00adcej Eucha\u00adry\u00adstii przyj\u00admie\u00admy, tym bar\u00addziej upodob\u00adni\u00admy si\u0119 do Jezu\u00adsa i&nbsp;na tej zie\u00admi b\u0119dzie\u00admy mie\u00adli przed\u00adsmak Nie\u00adba\u201d. Niech \u017cycie i&nbsp;\u015bwia\u00addec\u00adtwo Car\u00adlo Acu\u00adti\u00adsa b\u0119d\u0105 dla nas wszyst\u00adkich przy\u00adpo\u00admnie\u00adniem o&nbsp;d\u0105\u017ce\u00adniu do \u015bwi\u0119\u00adto\u00ad\u015bci i&nbsp;pe\u0142\u00adne\u00adgo odda\u00adnia si\u0119&nbsp;Bogu.<\/span><\/span><\/p>\n<p><span style=\"font-family: Times New Roman, serif;\"><span style=\"font-size: medium;\">\u0179r\u00f3\u00add\u0142o: Natio\u00adnal Catho\u00adlic Regi\u00adster,&nbsp;TP<\/span><\/span><\/p>\n<p><span style=\"font-family: Times New Roman, serif;\"><span style=\"font-size: x-large;\">Inspi\u00adru\u00adj\u0105\u00adce s\u0142o\u00adwa m\u0142o\u00adde\u00adgo cz\u0142o\u00adwie\u00adka na dro\u00addze do \u015bwi\u0119to\u015bci:<\/span><\/span><\/p>\n<p><span style=\"font-family: Times New Roman, serif;\"><span style=\"font-size: medium;\">1. \u201eDzie\u00adwi\u00adca Mary\u00adja jest jedy\u00adn\u0105 kobie\u00adt\u0105 w&nbsp;moim \u017cyciu\u201d.<\/span><\/span><\/p>\n<p><span style=\"font-family: Times New Roman, serif;\"><span style=\"font-size: medium;\">2. \u201eIm wi\u0119\u00adcej Eucha\u00adry\u00adstii przyj\u00admie\u00admy, tym bar\u00addziej upodob\u00adni\u00admy si\u0119 do Jezu\u00adsa, aby\u00ad\u015bmy na zie\u00admi mie\u00adli przed\u00adsmak&nbsp;nieba\u201d.<\/span><\/span><\/p>\n<p><span style=\"font-family: Times New Roman, serif;\"><span style=\"font-size: medium;\">3. \u201eSta\u00adj\u0105c przed Chry\u00adstu\u00adsem eucha\u00adry\u00adstycz\u00adnym, sta\u00adje\u00admy si\u0119 \u015bwi\u0119ci\u201d.<\/span><\/span><\/p>\n<p><span style=\"font-family: Times New Roman, serif;\"><span style=\"font-size: medium;\">4. \u201eS\u0105 ludzie, kt\u00f3\u00adrzy cier\u00adpi\u0105 znacz\u00adnie bar\u00addziej ode&nbsp;mnie\u201d.<\/span><\/span><\/p>\n<p><span style=\"font-family: Times New Roman, serif;\"><span style=\"font-size: medium;\">5. \u201eNie\u00adustan\u00adnie pro\u015b o&nbsp;pomoc swo\u00adje\u00adgo Anio\u00ad\u0142a Str\u00f3\u00ad\u017ca. Tw\u00f3j Anio\u0142 Str\u00f3\u017c musi sta\u0107 si\u0119 two\u00adim naj\u00adlep\u00adszym przyjacielem\u201d.<\/span><\/span><\/p>\n<p>\u201e<span style=\"font-family: Times New Roman, serif;\"><span style=\"font-size: medium;\">Nie b\u00f3j\u00adcie si\u0119, bo wraz z&nbsp;Wcie\u00adle\u00adniem Jezu\u00adsa \u015bmier\u0107 sta\u00adje si\u0119 \u017cyciem i&nbsp;nie ma przed czym ucie\u00adka\u0107: w&nbsp;\u017cyciu wiecz\u00adnym cze\u00adka nas co\u015b niezwyk\u0142ego\u201d.<\/span><\/span><\/p>\n<p><span style=\"font-family: Times New Roman, serif;\"><span style=\"font-size: medium;\">7. \u201eJero\u00adzo\u00adli\u00adma jest tu\u017c za naszy\u00admi drzwiami\u201d.<\/span><\/span><\/p>\n<p><span style=\"font-family: Times New Roman, serif;\"><span style=\"font-size: medium;\">8. \u201eWszy\u00adscy ludzie rodz\u0105 si\u0119 jako ory\u00adgi\u00adna\u00ad\u0142y, ale wie\u00adlu umie\u00adra jako kserokopie\u201d.<\/span><\/span><\/p>\n<p><span style=\"font-family: Times New Roman, serif;\"><span style=\"font-size: medium;\">9. \u201eBy\u0107 zawsze bli\u00adsko Jezu\u00adsa \u2013 to m\u00f3j plan na&nbsp;\u017cycie\u201d.<\/span><\/span><\/p>\n<p><span style=\"font-family: Times New Roman, serif;\"><span style=\"font-size: medium;\">10. \u201eSmu\u00adtek patrzy na sie\u00adbie, szcz\u0119\u00ad\u015bcie patrzy na&nbsp;Boga\u201d.<\/span><\/span><\/p>\n<p><span style=\"font-family: Times New Roman, serif;\"><span style=\"font-size: medium;\">11. \u201eNie ja, ale&nbsp;B\u00f3g\u201d.<\/span><\/span><\/p>\n<p><span style=\"font-family: Times New Roman, serif;\"><span style=\"font-size: medium;\">12. \u201eIm wi\u0119\u00adcej Eucha\u00adry\u00adstii przyj\u00admie\u00admy, tym bar\u00addziej upodob\u00adni\u00admy si\u0119 do Jezu\u00adsa, aby\u00ad\u015bmy na tej zie\u00admi mie\u00adli przed\u00adsmak&nbsp;nieba\u201d.<\/span><\/span><\/p>\n<p><span style=\"font-family: Times New Roman, serif;\"><span style=\"font-size: medium;\">13. \u201eJedy\u00adne, o&nbsp;co powin\u00adni\u00ad\u015bmy pro\u00adsi\u0107 Boga w&nbsp;modli\u00adtwie, to pra\u00adgnie\u00adnie bycia \u015bwi\u0119tym\u201d.<\/span><\/span><\/p>\n<p>\u201e<span style=\"font-family: Times New Roman, serif;\"><span style=\"font-size: medium;\">Nasza dusza jest jak balon na ogrza\u00adne powie\u00adtrze. Je\u015bli przy\u00adpad\u00adkiem zda\u00adrzy si\u0119 grzech \u015bmier\u00adtel\u00adny, dusza upa\u00adda na zie\u00admi\u0119. Spo\u00adwied\u017a jest jak ogie\u0144 pod balo\u00adnem, kt\u00f3\u00adry pozwa\u00adla duszy zmar\u00adtwych\u00adwsta\u0107\u2026 Wa\u017c\u00adne jest, aby cz\u0119\u00adsto si\u0119 spowiada\u0107\u201d.<\/span><\/span><\/p>\n<p><span style=\"font-family: Times New Roman, serif;\"><span style=\"font-size: medium;\">15. \u201eJestem szcz\u0119\u00ad\u015bli\u00adwy, \u017ce mog\u0119 umrze\u0107, ponie\u00adwa\u017c prze\u00ad\u017cy\u00ad\u0142em swo\u00adje \u017cycie, nie mar\u00adnu\u00adj\u0105c ani minu\u00adty na rze\u00adczy, kt\u00f3\u00adre nie podo\u00adba\u00adj\u0105 si\u0119&nbsp;Bogu\u201d.<\/span><\/span><\/p>\n<p><span style=\"font-family: Times New Roman, serif;\"><span style=\"font-size: medium;\">16. \u201eNasz cel musi by\u0107 nie\u00adsko\u0144\u00adczo\u00adny, a&nbsp;nie sko\u0144\u00adczo\u00adny. Nie\u00adsko\u0144\u00adczo\u00adno\u015b\u0107 jest nasz\u0105 ojczy\u00adzn\u0105. Nie\u00adbo cze\u00adka\u00ad\u0142o na nas od zawsze\u201d.<\/span><\/span><\/p>\n<p><span style=\"font-family: Times New Roman, serif;\"><span style=\"font-size: medium;\">17. \u201eEucha\u00adry\u00adstia jest auto\u00adstra\u00add\u0105 do&nbsp;nieba\u201d.<\/span><\/span><\/p>\n<p><a name=\"_GoBack\"><\/a> <span style=\"font-family: Times New Roman, serif;\"><span style=\"font-size: medium;\">\u0179r\u00f3\u00add\u0142o: Catho\u00adlic News Agen\u00adcy; Natio\u00adnal Catho\u00adlic Regi\u00adster,&nbsp;TP<\/span><\/span><\/p>\n<p><iframe loading=\"lazy\" title=\"YouTube video player\" src=\"https:\/\/www.youtube.com\/embed\/kC7mSAVc5Mc?si=QxW5M4tQDSrHkg6-\" width=\"560\" height=\"315\" frameborder=\"0\" allowfullscreen=\"allowfullscreen\"><span style=\"display: inline-block; width: 0px; overflow: hidden; line-height: 0;\" data-mce-type=\"bookmark\" class=\"mce_SELRES_start\">\ufeff<\/span><\/iframe><\/p>\n<div class=\"shortcode\">\n<div class=\"wp-block-pdfp-pdf-poster  alignnone\" id=\"block-4\" data-attributes=\"{&quot;uniqueId&quot;:&quot;pdfp3&quot;,&quot;file&quot;:&quot;https:\\\/\\\/www.parafia-czersk.pl\\\/word2\\\/wp-content\\\/uploads\\\/2025\\\/03\\\/SOKO\\u2560u\\u253cuKA_1.pdf&quot;,&quot;title&quot;:&quot;sok\\u00f3\\u0142ka1&quot;,&quot;height&quot;:&quot;842px&quot;,&quot;width&quot;:&quot;100%&quot;,&quot;print&quot;:true,&quot;fullscreenButton&quot;:true,&quot;fullscreenButtonText&quot;:&quot;View Fullscreen&quot;,&quot;newWindow&quot;:false,&quot;showName&quot;:false,&quot;downloadButton&quot;:true,&quot;downloadButtonText&quot;:&quot;Download File&quot;,&quot;protect&quot;:false,&quot;onlyPDF&quot;:false,&quot;defaultBrowser&quot;:false,&quot;thumbMenu&quot;:false,&quot;initialPage&quot;:&quot;1&quot;,&quot;sidebarOpen&quot;:false,&quot;lastVersion&quot;:false,&quot;hrScroll&quot;:false,&quot;alert&quot;:false,&quot;btnStyles&quot;:{&quot;background&quot;:&quot;#1e73be&quot;,&quot;color&quot;:&quot;#fff&quot;,&quot;fontSize&quot;:&quot;1rem&quot;,&quot;padding&quot;:{&quot;top&quot;:10,&quot;right&quot;:20,&quot;bottom&quot;:10,&quot;left&quot;:10}},&quot;popupOptions&quot;:{&quot;enabled&quot;:0,&quot;text&quot;:&quot;Open PDF&quot;,&quot;triggerType&quot;:&quot;button&quot;,&quot;image&quot;:&quot;&quot;,&quot;imageHeight&quot;:&quot;200px&quot;,&quot;imageWidth&quot;:&quot;300px&quot;,&quot;imagePdfIcon&quot;:true,&quot;triggerAlignment&quot;:&quot;center&quot;,&quot;btnStyle&quot;:{&quot;background&quot;:&quot;#1e73be&quot;,&quot;color&quot;:&quot;#fff&quot;,&quot;fontSize&quot;:&quot;1rem&quot;,&quot;padding&quot;:{&quot;top&quot;:10,&quot;right&quot;:20,&quot;bottom&quot;:10,&quot;left&quot;:10}}},&quot;actionsPosition&quot;:&quot;top&quot;,&quot;socialShare&quot;:{&quot;enabled&quot;:false,&quot;facebook&quot;:false,&quot;twitter&quot;:false,&quot;linkedin&quot;:false,&quot;pinterest&quot;:false,&quot;position&quot;:&quot;top&quot;},&quot;adobeEmbedder&quot;:false,&quot;align&quot;:&quot;none&quot;,&quot;alignment&quot;:&quot;left&quot;,&quot;titleFontSize&quot;:&quot;16px&quot;,&quot;isHideRightToolbar&quot;:false,&quot;additional&quot;:{&quot;ID&quot;:&quot;&quot;,&quot;Class&quot;:&quot;&quot;,&quot;CSS&quot;:&quot;&quot;},&quot;adobeOptions&quot;:{&quot;showDownloadPDF&quot;:true,&quot;showPrintPDF&quot;:true,&quot;showAnnotationTools&quot;:true,&quot;showFullScreen&quot;:false,&quot;embedMode&quot;:&quot;SIZED_CONTAINER&quot;},&quot;popupBtnStyle&quot;:{&quot;background&quot;:&quot;#2271b1&quot;,&quot;color&quot;:&quot;#fff&quot;,&quot;padding&quot;:{&quot;top&quot;:10,&quot;right&quot;:20,&quot;bottom&quot;:10,&quot;left&quot;:10}},&quot;popupBtnText&quot;:&quot;Open Document&quot;,&quot;CSS&quot;:&quot;&quot;,&quot;isPremium&quot;:false}\" style=\"text-align: left\">\n            <div class=\"pdfp_loading_placeholder\" style=\"height: 842px; width: 100%; display: flex; align-items: center; justify-content: center; background: #f5f5f5; border: 1px solid #ddd;\">\n             <p>Loading Vie\u00adwer\u2026<\/p>\n        <\/div>\n    <\/div>\n<\/div>\n<div><\/div>\n<div>\n<div class=\"shortcode\">\n<div class=\"wp-block-pdfp-pdf-poster  alignnone\" id=\"block-6\" data-attributes=\"{&quot;uniqueId&quot;:&quot;pdfp5&quot;,&quot;file&quot;:&quot;https:\\\/\\\/www.parafia-czersk.pl\\\/word2\\\/wp-content\\\/uploads\\\/2025\\\/03\\\/SOKO\\u2560u\\u253cuKA_2.pdf&quot;,&quot;title&quot;:&quot;Sokolka 2&quot;,&quot;height&quot;:&quot;842px&quot;,&quot;width&quot;:&quot;100%&quot;,&quot;print&quot;:true,&quot;fullscreenButton&quot;:true,&quot;fullscreenButtonText&quot;:&quot;View Fullscreen&quot;,&quot;newWindow&quot;:false,&quot;showName&quot;:false,&quot;downloadButton&quot;:true,&quot;downloadButtonText&quot;:&quot;Download File&quot;,&quot;protect&quot;:false,&quot;onlyPDF&quot;:false,&quot;defaultBrowser&quot;:false,&quot;thumbMenu&quot;:false,&quot;initialPage&quot;:&quot;1&quot;,&quot;sidebarOpen&quot;:false,&quot;lastVersion&quot;:false,&quot;hrScroll&quot;:false,&quot;alert&quot;:false,&quot;btnStyles&quot;:{&quot;background&quot;:&quot;#1e73be&quot;,&quot;color&quot;:&quot;#fff&quot;,&quot;fontSize&quot;:&quot;1rem&quot;,&quot;padding&quot;:{&quot;top&quot;:10,&quot;right&quot;:20,&quot;bottom&quot;:10,&quot;left&quot;:10}},&quot;popupOptions&quot;:{&quot;enabled&quot;:0,&quot;text&quot;:&quot;Open PDF&quot;,&quot;triggerType&quot;:&quot;button&quot;,&quot;image&quot;:&quot;&quot;,&quot;imageHeight&quot;:&quot;200px&quot;,&quot;imageWidth&quot;:&quot;300px&quot;,&quot;imagePdfIcon&quot;:true,&quot;triggerAlignment&quot;:&quot;center&quot;,&quot;btnStyle&quot;:{&quot;background&quot;:&quot;#1e73be&quot;,&quot;color&quot;:&quot;#fff&quot;,&quot;fontSize&quot;:&quot;1rem&quot;,&quot;padding&quot;:{&quot;top&quot;:10,&quot;right&quot;:20,&quot;bottom&quot;:10,&quot;left&quot;:10}}},&quot;actionsPosition&quot;:&quot;top&quot;,&quot;socialShare&quot;:{&quot;enabled&quot;:false,&quot;facebook&quot;:false,&quot;twitter&quot;:false,&quot;linkedin&quot;:false,&quot;pinterest&quot;:false,&quot;position&quot;:&quot;top&quot;},&quot;adobeEmbedder&quot;:false,&quot;align&quot;:&quot;none&quot;,&quot;alignment&quot;:&quot;left&quot;,&quot;titleFontSize&quot;:&quot;16px&quot;,&quot;isHideRightToolbar&quot;:false,&quot;additional&quot;:{&quot;ID&quot;:&quot;&quot;,&quot;Class&quot;:&quot;&quot;,&quot;CSS&quot;:&quot;&quot;},&quot;adobeOptions&quot;:{&quot;showDownloadPDF&quot;:true,&quot;showPrintPDF&quot;:true,&quot;showAnnotationTools&quot;:true,&quot;showFullScreen&quot;:false,&quot;embedMode&quot;:&quot;SIZED_CONTAINER&quot;},&quot;popupBtnStyle&quot;:{&quot;background&quot;:&quot;#2271b1&quot;,&quot;color&quot;:&quot;#fff&quot;,&quot;padding&quot;:{&quot;top&quot;:10,&quot;right&quot;:20,&quot;bottom&quot;:10,&quot;left&quot;:10}},&quot;popupBtnText&quot;:&quot;Open Document&quot;,&quot;CSS&quot;:&quot;&quot;,&quot;isPremium&quot;:false}\" style=\"text-align: left\">\n            <div class=\"pdfp_loading_placeholder\" style=\"height: 842px; width: 100%; display: flex; align-items: center; justify-content: center; background: #f5f5f5; border: 1px solid #ddd;\">\n             <p>Loading Vie\u00adwer\u2026<\/p>\n        <\/div>\n    <\/div>\n<\/div>\n<\/div>\n<div><\/div>\n<div>\n<div class=\"shortcode\">\n<div class=\"wp-block-pdfp-pdf-poster  alignnone\" id=\"block-8\" data-attributes=\"{&quot;uniqueId&quot;:&quot;pdfp7&quot;,&quot;file&quot;:&quot;https:\\\/\\\/www.parafia-czersk.pl\\\/word2\\\/wp-content\\\/uploads\\\/2025\\\/03\\\/SOKO\\u2560u\\u253cuKA_3.pdf&quot;,&quot;title&quot;:&quot;Sokolka 3&quot;,&quot;height&quot;:&quot;842px&quot;,&quot;width&quot;:&quot;100%&quot;,&quot;print&quot;:true,&quot;fullscreenButton&quot;:true,&quot;fullscreenButtonText&quot;:&quot;View Fullscreen&quot;,&quot;newWindow&quot;:false,&quot;showName&quot;:false,&quot;downloadButton&quot;:true,&quot;downloadButtonText&quot;:&quot;Download File&quot;,&quot;protect&quot;:false,&quot;onlyPDF&quot;:false,&quot;defaultBrowser&quot;:false,&quot;thumbMenu&quot;:false,&quot;initialPage&quot;:&quot;1&quot;,&quot;sidebarOpen&quot;:false,&quot;lastVersion&quot;:false,&quot;hrScroll&quot;:false,&quot;alert&quot;:false,&quot;btnStyles&quot;:{&quot;background&quot;:&quot;#1e73be&quot;,&quot;color&quot;:&quot;#fff&quot;,&quot;fontSize&quot;:&quot;1rem&quot;,&quot;padding&quot;:{&quot;top&quot;:10,&quot;right&quot;:20,&quot;bottom&quot;:10,&quot;left&quot;:10}},&quot;popupOptions&quot;:{&quot;enabled&quot;:0,&quot;text&quot;:&quot;Open PDF&quot;,&quot;triggerType&quot;:&quot;button&quot;,&quot;image&quot;:&quot;&quot;,&quot;imageHeight&quot;:&quot;200px&quot;,&quot;imageWidth&quot;:&quot;300px&quot;,&quot;imagePdfIcon&quot;:true,&quot;triggerAlignment&quot;:&quot;center&quot;,&quot;btnStyle&quot;:{&quot;background&quot;:&quot;#1e73be&quot;,&quot;color&quot;:&quot;#fff&quot;,&quot;fontSize&quot;:&quot;1rem&quot;,&quot;padding&quot;:{&quot;top&quot;:10,&quot;right&quot;:20,&quot;bottom&quot;:10,&quot;left&quot;:10}}},&quot;actionsPosition&quot;:&quot;top&quot;,&quot;socialShare&quot;:{&quot;enabled&quot;:false,&quot;facebook&quot;:false,&quot;twitter&quot;:false,&quot;linkedin&quot;:false,&quot;pinterest&quot;:false,&quot;position&quot;:&quot;top&quot;},&quot;adobeEmbedder&quot;:false,&quot;align&quot;:&quot;none&quot;,&quot;alignment&quot;:&quot;left&quot;,&quot;titleFontSize&quot;:&quot;16px&quot;,&quot;isHideRightToolbar&quot;:false,&quot;additional&quot;:{&quot;ID&quot;:&quot;&quot;,&quot;Class&quot;:&quot;&quot;,&quot;CSS&quot;:&quot;&quot;},&quot;adobeOptions&quot;:{&quot;showDownloadPDF&quot;:true,&quot;showPrintPDF&quot;:true,&quot;showAnnotationTools&quot;:true,&quot;showFullScreen&quot;:false,&quot;embedMode&quot;:&quot;SIZED_CONTAINER&quot;},&quot;popupBtnStyle&quot;:{&quot;background&quot;:&quot;#2271b1&quot;,&quot;color&quot;:&quot;#fff&quot;,&quot;padding&quot;:{&quot;top&quot;:10,&quot;right&quot;:20,&quot;bottom&quot;:10,&quot;left&quot;:10}},&quot;popupBtnText&quot;:&quot;Open Document&quot;,&quot;CSS&quot;:&quot;&quot;,&quot;isPremium&quot;:false}\" style=\"text-align: left\">\n            <div class=\"pdfp_loading_placeholder\" style=\"height: 842px; width: 100%; display: flex; align-items: center; justify-content: center; background: #f5f5f5; border: 1px solid #ddd;\">\n             <p>Loading Vie\u00adwer\u2026<\/p>\n        <\/div>\n    <\/div>\n<\/div>\n<\/div>\n<div><\/div>\n<p>&nbsp;<\/p>\n","protected":false},"excerpt":{"rendered":"<p>Fina\u0142 Para\u00adfial\u00adny kon\u00adkur\u00adsu odby\u0142 si\u0119 dzi\u00adsiaj w&nbsp;sal\u00adce kate\u00adche\u00adtycz\u00adnej. Wr\u0119\u00adcze\u00adnie dyplo\u00adm\u00f3w i&nbsp;nagr\u00f3d odb\u0119\u00addzie si\u0119 w&nbsp;nie\u00addzie\u00adl\u0119, 30 mar\u00adca 2025, po Mszy \u015bwi\u0119\u00adtej o&nbsp;godz. 12.30 Lau\u00adre\u00adaci w&nbsp;kate\u00adgo\u00adrii szk\u00f3\u0142 \u015bred\u00adnich 1&nbsp;miej\u00adsce: Ali\u00adcja Hulisz LO Czersk 2&nbsp;miej\u00adsce: Mile\u00adna Gra\u00adda LO Czersk 3&nbsp;miej\u00adsce: \u2026 <a href=\"https:\/\/www.parafia-czersk.pl\/?page_id=1891\">Czy\u00adtaj dalej <span class=\"meta-nav\">\u2192<\/span><\/a><\/p>\n","protected":false},"author":1,"featured_media":0,"parent":17,"menu_order":0,"comment_status":"closed","ping_status":"closed","template":"","meta":{"pagelayer_contact_templates":[],"_pagelayer_content":"","wp_typography_post_enhancements_disabled":false,"footnotes":""},"class_list":["post-1891","page","type-page","status-publish","hentry"],"aioseo_notices":[],"_links":{"self":[{"href":"https:\/\/www.parafia-czersk.pl\/index.php?rest_route=\/wp\/v2\/pages\/1891","targetHints":{"allow":["GET"]}}],"collection":[{"href":"https:\/\/www.parafia-czersk.pl\/index.php?rest_route=\/wp\/v2\/pages"}],"about":[{"href":"https:\/\/www.parafia-czersk.pl\/index.php?rest_route=\/wp\/v2\/types\/page"}],"author":[{"embeddable":true,"href":"https:\/\/www.parafia-czersk.pl\/index.php?rest_route=\/wp\/v2\/users\/1"}],"replies":[{"embeddable":true,"href":"https:\/\/www.parafia-czersk.pl\/index.php?rest_route=%2Fwp%2Fv2%2Fcomments&post=1891"}],"version-history":[{"count":11,"href":"https:\/\/www.parafia-czersk.pl\/index.php?rest_route=\/wp\/v2\/pages\/1891\/revisions"}],"predecessor-version":[{"id":1930,"href":"https:\/\/www.parafia-czersk.pl\/index.php?rest_route=\/wp\/v2\/pages\/1891\/revisions\/1930"}],"up":[{"embeddable":true,"href":"https:\/\/www.parafia-czersk.pl\/index.php?rest_route=\/wp\/v2\/pages\/17"}],"wp:attachment":[{"href":"https:\/\/www.parafia-czersk.pl\/index.php?rest_route=%2Fwp%2Fv2%2Fmedia&parent=1891"}],"curies":[{"name":"wp","href":"https:\/\/api.w.org\/{rel}","templated":true}]}}